{"id":15,"date":"2025-09-09T11:41:34","date_gmt":"2025-09-09T09:41:34","guid":{"rendered":"https:\/\/projets.litislab.fr\/dematrans\/?page_id=15"},"modified":"2025-09-29T16:12:37","modified_gmt":"2025-09-29T14:12:37","slug":"equipe","status":"publish","type":"page","link":"https:\/\/projets.litislab.fr\/dematrans\/equipe\/","title":{"rendered":"\u00c9quipe"},"content":{"rendered":"\n<div class=\"wp-block-columns is-layout-flex wp-container-core-columns-is-layout-8f761849 wp-block-columns-is-layout-flex\">\n<div class=\"wp-block-column is-layout-flow wp-block-column-is-layout-flow\" style=\"flex-basis:10%\"><\/div>\n\n\n\n<div class=\"wp-block-column is-layout-flow wp-block-column-is-layout-flow\" style=\"flex-basis:80%\">\n<h1 class=\"wp-block-heading has-text-align-center has-text-color has-link-color wp-elements-1\" style=\"color:#8daed0;font-size:3rem;text-transform:uppercase\">L&rsquo;\u00e9quipe<\/h1>\n\n\n\n<div class=\"wp-block-columns is-layout-flex wp-container-core-columns-is-layout-8f761849 wp-block-columns-is-layout-flex\">\n<div class=\"wp-block-column is-layout-flow wp-block-column-is-layout-flow\" style=\"flex-basis:20%\">\n<figure class=\"wp-block-image size-full has-custom-border is-style-default\"><img loading=\"lazy\" decoding=\"async\" width=\"1078\" height=\"929\" src=\"https:\/\/projets.litislab.fr\/dematrans\/wp-content\/uploads\/sites\/24\/2025\/09\/Photo_Andrea.png\" alt=\"\" class=\"wp-image-235\" style=\"border-width:2px;border-radius:22px;aspect-ratio:1;object-fit:cover\" srcset=\"https:\/\/projets.litislab.fr\/dematrans\/wp-content\/uploads\/sites\/24\/2025\/09\/Photo_Andrea.png 1078w, https:\/\/projets.litislab.fr\/dematrans\/wp-content\/uploads\/sites\/24\/2025\/09\/Photo_Andrea-300x259.png 300w, https:\/\/projets.litislab.fr\/dematrans\/wp-content\/uploads\/sites\/24\/2025\/09\/Photo_Andrea-1024x882.png 1024w, https:\/\/projets.litislab.fr\/dematrans\/wp-content\/uploads\/sites\/24\/2025\/09\/Photo_Andrea-768x662.png 768w\" sizes=\"auto, (max-width: 1078px) 100vw, 1078px\" \/><\/figure>\n<\/div>\n\n\n\n<div class=\"wp-block-column is-layout-flow wp-block-column-is-layout-flow\" style=\"flex-basis:80%\">\n<h2 class=\"wp-block-heading has-text-color has-link-color has-large-font-size wp-elements-2\" style=\"color:#8daed0;text-transform:uppercase\">Andr\u00e9a Cynthia Santos<\/h2>\n\n\n\n<p class=\"wp-block-paragraph\">Porteur du projet DEMATRANS Route, responsable de la partie optimisation et analyse de donn\u00e9es.<br>Professeure des Universit\u00e9s en Informatique, membre du LITIS<br>Directrice de l\u2019Ecole d\u2019Ing\u00e9nieurs ISEL<br>Universit\u00e9 Le Havre Normandie<\/p>\n<\/div>\n<\/div>\n\n\n\n<p class=\"wp-block-paragraph\">Ses travaux de recherche entrent dans le cadre de la Recherche Op\u00e9rationnelle (RO). Sa recherche consid\u00e8re des aspects pluridisciplinaires pour r\u00e9soudre des probl\u00e9matiques sociotechniques r\u00e9elles et \u00e0 l\u2019\u00e9chelle des villes. Elle a plus de 150 publications dans des revues et des conf\u00e9rences nationales et internationales.<\/p>\n<\/div>\n\n\n\n<div class=\"wp-block-column is-layout-flow wp-block-column-is-layout-flow\" style=\"flex-basis:10%\"><\/div>\n<\/div>\n\n\n\n<div class=\"wp-block-columns is-layout-flex wp-container-core-columns-is-layout-8f761849 wp-block-columns-is-layout-flex\">\n<div class=\"wp-block-column is-layout-flow wp-block-column-is-layout-flow\" style=\"flex-basis:5%\"><\/div>\n\n\n\n<div class=\"wp-block-column is-layout-flow wp-block-column-is-layout-flow\" style=\"flex-basis:90%\">\n<hr class=\"wp-block-separator has-text-color has-alpha-channel-opacity has-background is-style-wide\" style=\"background-color:#ff0000;color:#ff0000\" \/>\n<\/div>\n\n\n\n<div class=\"wp-block-column is-layout-flow wp-block-column-is-layout-flow\" style=\"flex-basis:5%\"><\/div>\n<\/div>\n\n\n\n<div class=\"wp-block-columns is-layout-flex wp-container-core-columns-is-layout-8f761849 wp-block-columns-is-layout-flex\">\n<div class=\"wp-block-column is-layout-flow wp-block-column-is-layout-flow\" style=\"flex-basis:10%\"><\/div>\n\n\n\n<div class=\"wp-block-column is-layout-flow wp-block-column-is-layout-flow\" style=\"flex-basis:80%\">\n<div class=\"wp-block-columns is-layout-flex wp-container-core-columns-is-layout-8f761849 wp-block-columns-is-layout-flex\">\n<div class=\"wp-block-column is-layout-flow wp-block-column-is-layout-flow\" style=\"flex-basis:20%\">\n<figure class=\"wp-block-image size-full has-custom-border is-style-default\"><img loading=\"lazy\" decoding=\"async\" width=\"1920\" height=\"1080\" src=\"https:\/\/projets.litislab.fr\/dematrans\/wp-content\/uploads\/sites\/24\/2025\/09\/Copie-de-FRANCOIS.00_01_44_22.Still001.png\" alt=\"\" class=\"wp-image-231\" style=\"border-width:2px;border-radius:22px;aspect-ratio:1;object-fit:cover\" srcset=\"https:\/\/projets.litislab.fr\/dematrans\/wp-content\/uploads\/sites\/24\/2025\/09\/Copie-de-FRANCOIS.00_01_44_22.Still001.png 1920w, https:\/\/projets.litislab.fr\/dematrans\/wp-content\/uploads\/sites\/24\/2025\/09\/Copie-de-FRANCOIS.00_01_44_22.Still001-300x169.png 300w, https:\/\/projets.litislab.fr\/dematrans\/wp-content\/uploads\/sites\/24\/2025\/09\/Copie-de-FRANCOIS.00_01_44_22.Still001-1024x576.png 1024w, https:\/\/projets.litislab.fr\/dematrans\/wp-content\/uploads\/sites\/24\/2025\/09\/Copie-de-FRANCOIS.00_01_44_22.Still001-768x432.png 768w, https:\/\/projets.litislab.fr\/dematrans\/wp-content\/uploads\/sites\/24\/2025\/09\/Copie-de-FRANCOIS.00_01_44_22.Still001-1536x864.png 1536w\" sizes=\"auto, (max-width: 1920px) 100vw, 1920px\" \/><\/figure>\n<\/div>\n\n\n\n<div class=\"wp-block-column is-layout-flow wp-block-column-is-layout-flow\" style=\"flex-basis:80%\">\n<h2 class=\"wp-block-heading has-text-color has-link-color has-large-font-size wp-elements-3\" style=\"color:#8daed0;text-transform:uppercase\"><strong><em>Fran\u00e7ois Gu\u00e9rin&nbsp;<\/em><\/strong><\/h2>\n\n\n\n<p class=\"wp-block-paragraph\">Responsable de la partie automatique et \u00e9lectronique, en particulier IoT et Geofencing.<br>Enseignant-chercheur HDR en l\u2019\u00c9lectronique (IoT), l\u2019Automatique et la Robotiquel, membre du GREAH<\/p>\n<\/div>\n<\/div>\n\n\n\n<p class=\"wp-block-paragraph\">Ses travaux de recherche portent sur la Commande Avanc\u00e9e des Syst\u00e8mes, appliqu\u00e9e \u00e0 la Robotique Mobile Terrestre et A\u00e9rienne. En 2021, il a cr\u00e9\u00e9 au Havre, le Centre d\u2019Innovation Drones de Normandie (CIDN) et a int\u00e9gr\u00e9 en 2022, la R\u00e9serve Citoyenne de l\u2019Arm\u00e9e de Terre aupr\u00e8s du 61eme R\u00e9giment d\u2019Artillerie bas\u00e9 \u00e0 Chaumont.<\/p>\n<\/div>\n\n\n\n<div class=\"wp-block-column is-layout-flow wp-block-column-is-layout-flow\" style=\"flex-basis:10%\"><\/div>\n<\/div>\n\n\n\n<div class=\"wp-block-columns is-layout-flex wp-container-core-columns-is-layout-8f761849 wp-block-columns-is-layout-flex\">\n<div class=\"wp-block-column is-layout-flow wp-block-column-is-layout-flow\" style=\"flex-basis:5%\"><\/div>\n\n\n\n<div class=\"wp-block-column is-layout-flow wp-block-column-is-layout-flow\" style=\"flex-basis:90%\">\n<hr class=\"wp-block-separator has-text-color has-alpha-channel-opacity has-background is-style-wide\" style=\"background-color:#ff0000;color:#ff0000\" \/>\n<\/div>\n\n\n\n<div class=\"wp-block-column is-layout-flow wp-block-column-is-layout-flow\" style=\"flex-basis:5%\"><\/div>\n<\/div>\n\n\n\n<div class=\"wp-block-columns is-layout-flex wp-container-core-columns-is-layout-8f761849 wp-block-columns-is-layout-flex\">\n<div class=\"wp-block-column is-layout-flow wp-block-column-is-layout-flow\" style=\"flex-basis:10%\"><\/div>\n\n\n\n<div class=\"wp-block-column is-layout-flow wp-block-column-is-layout-flow\" style=\"flex-basis:80%\">\n<div class=\"wp-block-columns is-layout-flex wp-container-core-columns-is-layout-8f761849 wp-block-columns-is-layout-flex\">\n<div class=\"wp-block-column is-layout-flow wp-block-column-is-layout-flow\" style=\"flex-basis:20%\">\n<figure class=\"wp-block-image size-full has-custom-border is-style-default\"><img loading=\"lazy\" decoding=\"async\" width=\"1920\" height=\"1080\" src=\"https:\/\/projets.litislab.fr\/dematrans\/wp-content\/uploads\/sites\/24\/2025\/09\/Copie-de-OLIVIER.0.png\" alt=\"\" class=\"wp-image-232\" style=\"border-width:2px;border-radius:22px;aspect-ratio:1;object-fit:cover\" srcset=\"https:\/\/projets.litislab.fr\/dematrans\/wp-content\/uploads\/sites\/24\/2025\/09\/Copie-de-OLIVIER.0.png 1920w, https:\/\/projets.litislab.fr\/dematrans\/wp-content\/uploads\/sites\/24\/2025\/09\/Copie-de-OLIVIER.0-300x169.png 300w, https:\/\/projets.litislab.fr\/dematrans\/wp-content\/uploads\/sites\/24\/2025\/09\/Copie-de-OLIVIER.0-1024x576.png 1024w, https:\/\/projets.litislab.fr\/dematrans\/wp-content\/uploads\/sites\/24\/2025\/09\/Copie-de-OLIVIER.0-768x432.png 768w, https:\/\/projets.litislab.fr\/dematrans\/wp-content\/uploads\/sites\/24\/2025\/09\/Copie-de-OLIVIER.0-1536x864.png 1536w\" sizes=\"auto, (max-width: 1920px) 100vw, 1920px\" \/><\/figure>\n<\/div>\n\n\n\n<div class=\"wp-block-column is-layout-flow wp-block-column-is-layout-flow\" style=\"flex-basis:80%\">\n<h2 class=\"wp-block-heading has-text-color has-link-color has-large-font-size wp-elements-4\" style=\"color:#8daed0;text-transform:uppercase\"><strong><em><strong><em><strong>Olivier Degauchy\u00a0<\/strong><\/em><\/strong><\/em><\/strong><\/h2>\n\n\n\n<p class=\"wp-block-paragraph\">Consultant Senior \u00e0 la SOGET.<\/p>\n<\/div>\n<\/div>\n\n\n\n<p class=\"wp-block-paragraph\">Dipl\u00f4m\u00e9 en technologies de l\u2019information de l\u2019Universit\u00e9 de Rouen en 1985, il a rejoint la SOGET en 1990 comme responsable des \u00e9tudes et du d\u00e9veloppement, fonction qu\u2019il a occup\u00e9e pendant 15 ans. Il a ensuite exerc\u00e9 en tant que responsable produits durant 12 ans, puis comme directeur de l\u2019innovation pendant 4 ans. Depuis 2022, il occupe le poste de consultant senior \u00e0 la SOGET.<\/p>\n<\/div>\n\n\n\n<div class=\"wp-block-column is-layout-flow wp-block-column-is-layout-flow\" style=\"flex-basis:10%\"><\/div>\n<\/div>\n\n\n\n<div class=\"wp-block-columns is-layout-flex wp-container-core-columns-is-layout-8f761849 wp-block-columns-is-layout-flex\">\n<div class=\"wp-block-column is-layout-flow wp-block-column-is-layout-flow\" style=\"flex-basis:5%\"><\/div>\n\n\n\n<div class=\"wp-block-column is-layout-flow wp-block-column-is-layout-flow\" style=\"flex-basis:90%\">\n<hr class=\"wp-block-separator has-text-color has-alpha-channel-opacity has-background is-style-wide\" style=\"background-color:#ff0000;color:#ff0000\" \/>\n<\/div>\n\n\n\n<div class=\"wp-block-column is-layout-flow wp-block-column-is-layout-flow\" style=\"flex-basis:5%\"><\/div>\n<\/div>\n\n\n\n<div class=\"wp-block-columns is-layout-flex wp-container-core-columns-is-layout-8f761849 wp-block-columns-is-layout-flex\">\n<div class=\"wp-block-column is-layout-flow wp-block-column-is-layout-flow\" style=\"flex-basis:10%\"><\/div>\n\n\n\n<div class=\"wp-block-column is-layout-flow wp-block-column-is-layout-flow\" style=\"flex-basis:80%\">\n<div class=\"wp-block-columns is-layout-flex wp-container-core-columns-is-layout-8f761849 wp-block-columns-is-layout-flex\">\n<div class=\"wp-block-column is-layout-flow wp-block-column-is-layout-flow\" style=\"flex-basis:20%\">\n<figure class=\"wp-block-image size-full has-custom-border is-style-default\"><img loading=\"lazy\" decoding=\"async\" width=\"277\" height=\"280\" src=\"https:\/\/projets.litislab.fr\/dematrans\/wp-content\/uploads\/sites\/24\/2025\/09\/nicolas-kerthe.png\" alt=\"\" class=\"wp-image-261\" style=\"border-width:2px;border-radius:22px;aspect-ratio:1;object-fit:cover\" \/><\/figure>\n<\/div>\n\n\n\n<div class=\"wp-block-column is-layout-flow wp-block-column-is-layout-flow\" style=\"flex-basis:80%\">\n<h2 class=\"wp-block-heading has-text-color has-link-color has-large-font-size wp-elements-5\" style=\"color:#8daed0;text-transform:uppercase\"><strong><em><strong><em><strong><strong>Nicolas Kerthe<\/strong><\/strong><\/em><\/strong><\/em><\/strong><\/h2>\n\n\n\n<p class=\"wp-block-paragraph\">Ing\u00e9nieur de recherche sur les IoT et les files d&rsquo;attente.<\/p>\n<\/div>\n<\/div>\n\n\n\n<p class=\"wp-block-paragraph\">Dipl\u00f4m\u00e9 en d\u00e9veloppementlogiciel (qualification professionnelle de niveau 5) \u00e0 la CCI du Havre (France) en 2018. En 2019, il a \u00e9t\u00e9 recrut\u00e9 par le Centre d&rsquo;Innovation Drones de Normandie (CIDN) pour travailler sur des projets de robotique mobile et notamment d&rsquo;essaims de drones (projetANR \u00ab&nbsp;DESIHR&nbsp;\u00bb). Il travaille actuellement chez NEAC Industrie \u00e0 Caen (France) en tant qu&rsquo;ing\u00e9nieur d\u00e9veloppement sur des syst\u00e8mes embarqu\u00e9s, pour la mise en \u0153uvre d&rsquo;algorithmes de planification et de contr\u00f4le\/commande sur des bateaux autonomes (USV).<\/p>\n<\/div>\n\n\n\n<div class=\"wp-block-column is-layout-flow wp-block-column-is-layout-flow\" style=\"flex-basis:10%\"><\/div>\n<\/div>\n\n\n\n<div class=\"wp-block-columns is-layout-flex wp-container-core-columns-is-layout-8f761849 wp-block-columns-is-layout-flex\">\n<div class=\"wp-block-column is-layout-flow wp-block-column-is-layout-flow\" style=\"flex-basis:5%\"><\/div>\n\n\n\n<div class=\"wp-block-column is-layout-flow wp-block-column-is-layout-flow\" style=\"flex-basis:90%\">\n<hr class=\"wp-block-separator has-text-color has-alpha-channel-opacity has-background is-style-wide\" style=\"background-color:#ff0000;color:#ff0000\" \/>\n<\/div>\n\n\n\n<div class=\"wp-block-column is-layout-flow wp-block-column-is-layout-flow\" style=\"flex-basis:5%\"><\/div>\n<\/div>\n\n\n\n<div class=\"wp-block-columns is-layout-flex wp-container-core-columns-is-layout-8f761849 wp-block-columns-is-layout-flex\">\n<div class=\"wp-block-column is-layout-flow wp-block-column-is-layout-flow\" style=\"flex-basis:10%\"><\/div>\n\n\n\n<div class=\"wp-block-column is-layout-flow wp-block-column-is-layout-flow\" style=\"flex-basis:80%\">\n<div class=\"wp-block-columns is-layout-flex wp-container-core-columns-is-layout-8f761849 wp-block-columns-is-layout-flex\">\n<div class=\"wp-block-column is-layout-flow wp-block-column-is-layout-flow\" style=\"flex-basis:20%\">\n<figure class=\"wp-block-image size-full has-custom-border is-style-default\"><img loading=\"lazy\" decoding=\"async\" width=\"1920\" height=\"1080\" src=\"https:\/\/projets.litislab.fr\/dematrans\/wp-content\/uploads\/sites\/24\/2025\/09\/Copie-de-YVES.00.png\" alt=\"\" class=\"wp-image-234\" style=\"border-width:2px;border-radius:22px;aspect-ratio:1;object-fit:cover\" srcset=\"https:\/\/projets.litislab.fr\/dematrans\/wp-content\/uploads\/sites\/24\/2025\/09\/Copie-de-YVES.00.png 1920w, https:\/\/projets.litislab.fr\/dematrans\/wp-content\/uploads\/sites\/24\/2025\/09\/Copie-de-YVES.00-300x169.png 300w, https:\/\/projets.litislab.fr\/dematrans\/wp-content\/uploads\/sites\/24\/2025\/09\/Copie-de-YVES.00-1024x576.png 1024w, https:\/\/projets.litislab.fr\/dematrans\/wp-content\/uploads\/sites\/24\/2025\/09\/Copie-de-YVES.00-768x432.png 768w, https:\/\/projets.litislab.fr\/dematrans\/wp-content\/uploads\/sites\/24\/2025\/09\/Copie-de-YVES.00-1536x864.png 1536w\" sizes=\"auto, (max-width: 1920px) 100vw, 1920px\" \/><\/figure>\n<\/div>\n\n\n\n<div class=\"wp-block-column is-layout-flow wp-block-column-is-layout-flow\" style=\"flex-basis:80%\">\n<h2 class=\"wp-block-heading has-text-color has-link-color has-large-font-size wp-elements-6\" style=\"color:#8daed0;text-transform:uppercase\"><strong><em><strong><em><strong><em>Yves LastennET<\/em><\/strong><\/em><\/strong>&nbsp;<\/em><\/strong><\/h2>\n\n\n\n<p class=\"wp-block-paragraph\">Stage portant sur la r\u00e9cup\u00e9ration et le traitement de donn\u00e9es.<\/p>\n<\/div>\n<\/div>\n\n\n\n<p class=\"wp-block-paragraph\">Ing\u00e9nieur logisticien ISEL, il travaille sur les m\u00e9thodes de traitement des donn\u00e9es, notamment l\u2019Intelligence Artificielle et le Big Data. Il a \u00e9t\u00e9 IGR en charge de la mise en place des solutions techniques d\u2019optimisation et analyse de donn\u00e9es, ainsi que l\u2019encadrement de la stagiaire impliqu\u00e9e dans l\u2019\u00e9tude des politiques de marketing digital.<\/p>\n<\/div>\n\n\n\n<div class=\"wp-block-column is-layout-flow wp-block-column-is-layout-flow\" style=\"flex-basis:10%\"><\/div>\n<\/div>\n\n\n\n<div class=\"wp-block-columns is-layout-flex wp-container-core-columns-is-layout-8f761849 wp-block-columns-is-layout-flex\">\n<div class=\"wp-block-column is-layout-flow wp-block-column-is-layout-flow\" style=\"flex-basis:5%\"><\/div>\n\n\n\n<div class=\"wp-block-column is-layout-flow wp-block-column-is-layout-flow\" style=\"flex-basis:90%\">\n<hr class=\"wp-block-separator has-text-color has-alpha-channel-opacity has-background is-style-wide\" style=\"background-color:#ff0000;color:#ff0000\" \/>\n<\/div>\n\n\n\n<div class=\"wp-block-column is-layout-flow wp-block-column-is-layout-flow\" style=\"flex-basis:5%\"><\/div>\n<\/div>\n\n\n\n<div class=\"wp-block-columns is-layout-flex wp-container-core-columns-is-layout-8f761849 wp-block-columns-is-layout-flex\">\n<div class=\"wp-block-column is-layout-flow wp-block-column-is-layout-flow\" style=\"flex-basis:10%\"><\/div>\n\n\n\n<div class=\"wp-block-column is-layout-flow wp-block-column-is-layout-flow\" style=\"flex-basis:80%\">\n<div class=\"wp-block-columns is-layout-flex wp-container-core-columns-is-layout-8f761849 wp-block-columns-is-layout-flex\">\n<div class=\"wp-block-column is-layout-flow wp-block-column-is-layout-flow\" style=\"flex-basis:20%\">\n<figure class=\"wp-block-image size-full has-custom-border is-style-default\"><img loading=\"lazy\" decoding=\"async\" width=\"1080\" height=\"1080\" src=\"https:\/\/projets.litislab.fr\/dematrans\/wp-content\/uploads\/sites\/24\/2025\/09\/sandra-criquioche.png\" alt=\"\" class=\"wp-image-265\" style=\"border-width:2px;border-radius:22px;aspect-ratio:1;object-fit:cover\" srcset=\"https:\/\/projets.litislab.fr\/dematrans\/wp-content\/uploads\/sites\/24\/2025\/09\/sandra-criquioche.png 1080w, https:\/\/projets.litislab.fr\/dematrans\/wp-content\/uploads\/sites\/24\/2025\/09\/sandra-criquioche-300x300.png 300w, https:\/\/projets.litislab.fr\/dematrans\/wp-content\/uploads\/sites\/24\/2025\/09\/sandra-criquioche-1024x1024.png 1024w, https:\/\/projets.litislab.fr\/dematrans\/wp-content\/uploads\/sites\/24\/2025\/09\/sandra-criquioche-150x150.png 150w, https:\/\/projets.litislab.fr\/dematrans\/wp-content\/uploads\/sites\/24\/2025\/09\/sandra-criquioche-768x768.png 768w\" sizes=\"auto, (max-width: 1080px) 100vw, 1080px\" \/><\/figure>\n<\/div>\n\n\n\n<div class=\"wp-block-column is-layout-flow wp-block-column-is-layout-flow\" style=\"flex-basis:80%\">\n<h2 class=\"wp-block-heading has-text-color has-link-color has-large-font-size wp-elements-7\" style=\"color:#8daed0;text-transform:uppercase\"><strong><em><strong><em><strong><em>Sandra Criquioche<\/em><\/strong><\/em><\/strong><\/em><\/strong><\/h2>\n\n\n\n<p class=\"wp-block-paragraph\">Stage portant sur l\u2019\u00e9tude des politiques de marketing digital.<\/p>\n<\/div>\n<\/div>\n\n\n\n<p class=\"wp-block-paragraph\">Dipl\u00f4m\u00e9e en Management et Commerce International (Universit\u00e9 Le Havre Normandie), elle a travaill\u00e9 sur les tactiques de d\u00e9ploiement et de fid\u00e9lisation des clients d\u2019une plateforme num\u00e9rique dans le cadre du projet DEMATRANS. Ses missions ont port\u00e9 sur la revue de litt\u00e9rature, la mod\u00e9lisation et l\u2019interpr\u00e9tation des r\u00e9sultats pour accompagner le d\u00e9veloppement strat\u00e9gique du projet. Elle travaille actuellement sur des th\u00e9matiques situ\u00e9es entre le management strat\u00e9gique et les relations internationales.<\/p>\n<\/div>\n\n\n\n<div class=\"wp-block-column is-layout-flow wp-block-column-is-layout-flow\" style=\"flex-basis:10%\"><\/div>\n<\/div>\n\n\n\n<p class=\"wp-block-paragraph\"><\/p>\n","protected":false},"excerpt":{"rendered":"<p>L&rsquo;\u00e9quipe Andr\u00e9a Cynthia Santos Porteur du projet DEMATRANS Route, responsable de la partie optimisation et analyse de donn\u00e9es.Professeure des Universit\u00e9s en Informatique, membre du LITISDirectrice de l\u2019Ecole d\u2019Ing\u00e9nieurs ISELUniversit\u00e9 Le Havre Normandie Ses travaux de recherche entrent dans le cadre de la Recherche Op\u00e9rationnelle (RO). Sa recherche consid\u00e8re des aspects pluridisciplinaires pour r\u00e9soudre des probl\u00e9matiques&#8230;<\/p>\n","protected":false},"author":8,"featured_media":0,"parent":0,"menu_order":0,"comment_status":"closed","ping_status":"closed","template":"","meta":{"_kad_post_transparent":"","_kad_post_title":"","_kad_post_layout":"","_kad_post_sidebar_id":"","_kad_post_content_style":"","_kad_post_vertical_padding":"","_kad_post_feature":"","_kad_post_feature_position":"","_kad_post_header":false,"_kad_post_footer":false,"_kad_post_classname":"","footnotes":""},"class_list":["post-15","page","type-page","status-publish","hentry"],"_links":{"self":[{"href":"https:\/\/projets.litislab.fr\/dematrans\/wp-json\/wp\/v2\/pages\/15","targetHints":{"allow":["GET"]}}],"collection":[{"href":"https:\/\/projets.litislab.fr\/dematrans\/wp-json\/wp\/v2\/pages"}],"about":[{"href":"https:\/\/projets.litislab.fr\/dematrans\/wp-json\/wp\/v2\/types\/page"}],"author":[{"embeddable":true,"href":"https:\/\/projets.litislab.fr\/dematrans\/wp-json\/wp\/v2\/users\/8"}],"replies":[{"embeddable":true,"href":"https:\/\/projets.litislab.fr\/dematrans\/wp-json\/wp\/v2\/comments?post=15"}],"version-history":[{"count":25,"href":"https:\/\/projets.litislab.fr\/dematrans\/wp-json\/wp\/v2\/pages\/15\/revisions"}],"predecessor-version":[{"id":267,"href":"https:\/\/projets.litislab.fr\/dematrans\/wp-json\/wp\/v2\/pages\/15\/revisions\/267"}],"wp:attachment":[{"href":"https:\/\/projets.litislab.fr\/dematrans\/wp-json\/wp\/v2\/media?parent=15"}],"curies":[{"name":"wp","href":"https:\/\/api.w.org\/{rel}","templated":true}]}}